{"id":18542,"date":"2025-11-21T19:25:39","date_gmt":"2025-11-21T18:25:39","guid":{"rendered":"https:\/\/lettresdepoilus-pays-de-ploermel.fr\/?page_id=18542"},"modified":"2025-12-30T11:12:00","modified_gmt":"2025-12-30T10:12:00","slug":"expositions","status":"publish","type":"page","link":"https:\/\/lettresdepoilus-pays-de-ploermel.fr\/index.php\/expositions\/","title":{"rendered":"Les Expositions"},"content":{"rendered":"\n<hr class=\"wp-block-separator has-alpha-channel-opacity\"\/>\n\n\n\n<p class=\"has-black-color has-text-color has-background has-link-color has-medium-font-size wp-elements-45589c1369bd7db9840f2612ca8d473b\" style=\"background-color:#b1defa70\">Le site web et les expositions dans les communes du Pays de Plo\u00ebrmel sont les deux moyens de promotion de mon projet \u00ab\u00a0M\u00e9moire et Patrimoine\u00a0\u00bb. Les expositions ont pour but de faire d\u00e9couvrir aux habitants de ces communes l&rsquo;histoire de leurs Poilus. Le deuxi\u00e8me objectif est de faire conna\u00eetre mon projet et de solliciter les habitants de participer \u00e0 mon projet en me confiant leurs photos, documents et courriers de leurs soldats ayant combattu en 14-18.<\/p>\n\n\n\n<div style=\"height:20px\" aria-hidden=\"true\" class=\"wp-block-spacer\"><\/div>\n\n\n\n<ul class=\"wp-block-list\">\n<li class=\"has-medium-font-size\"><a href=\"#Guilliers\">Exposition Guilliers novembre 2025<\/a><\/li>\n\n\n\n<li class=\"has-medium-font-size\"><a href=\"#Trinit\u00e9\">Exposition La Trinit\u00e9-Porho\u00ebt juin 2025<\/a><\/li>\n\n\n\n<li class=\"has-medium-font-size\"><a href=\"#Mauron\">Exposition Mauron novembre 2024<\/a><\/li>\n<\/ul>\n\n\n\n<hr class=\"wp-block-separator has-alpha-channel-opacity\"\/>\n\n\n\n<div style=\"height:20px\" aria-hidden=\"true\" class=\"wp-block-spacer\"><\/div>\n\n\n\n<h2 class=\"wp-block-heading has-text-color has-link-color wp-elements-2564a554723cdc4be32b5dacd86aaf77\" id=\"Guilliers\" style=\"color:#6925ab\">Exposition GUILLIERS novembre 2025<\/h2>\n\n\n\n<div style=\"height:20px\" aria-hidden=\"true\" class=\"wp-block-spacer\"><\/div>\n\n\n\n<figure class=\"wp-block-gallery has-nested-images columns-default is-cropped wp-block-gallery-1 is-layout-flex wp-block-gallery-is-layout-flex\">\n<figure class=\"wp-block-image size-large\"><img fetchpriority=\"high\" decoding=\"async\" width=\"480\" height=\"640\" data-id=\"19041\" src=\"https:\/\/lettresdepoilus-pays-de-ploermel.fr\/wp-content\/uploads\/2025\/12\/IMG_0331-rotated.jpg\" alt=\"\" class=\"wp-image-19041\" srcset=\"https:\/\/lettresdepoilus-pays-de-ploermel.fr\/wp-content\/uploads\/2025\/12\/IMG_0331-rotated.jpg 480w, https:\/\/lettresdepoilus-pays-de-ploermel.fr\/wp-content\/uploads\/2025\/12\/IMG_0331-225x300.jpg 225w\" sizes=\"(max-width: 480px) 100vw, 480px\" \/><figcaption class=\"wp-element-caption\"><strong>Discours devant une assistance de 200 personnes<\/strong><\/figcaption><\/figure>\n\n\n\n<figure class=\"wp-block-image size-large\"><img decoding=\"async\" width=\"640\" height=\"480\" data-id=\"19042\" src=\"https:\/\/lettresdepoilus-pays-de-ploermel.fr\/wp-content\/uploads\/2025\/12\/IMG_0332-rotated.jpg\" alt=\"\" class=\"wp-image-19042\" srcset=\"https:\/\/lettresdepoilus-pays-de-ploermel.fr\/wp-content\/uploads\/2025\/12\/IMG_0332-rotated.jpg 640w, https:\/\/lettresdepoilus-pays-de-ploermel.fr\/wp-content\/uploads\/2025\/12\/IMG_0332-300x225.jpg 300w\" sizes=\"(max-width: 640px) 100vw, 640px\" \/><\/figure>\n<\/figure>\n\n\n\n<div style=\"height:20px\" aria-hidden=\"true\" class=\"wp-block-spacer\"><\/div>\n\n\n\n<p class=\"has-medium-font-size\">L&rsquo;exposition de Guilliers s&rsquo;est tenue du 11 au 16 novembre 2025 \u00e0 la salle du Carrou\u00eaz. Cette exposition \u00e9tait organis\u00e9e dans le cadre des comm\u00e9morations de l&rsquo;armistice de 1918.<\/p>\n\n\n\n<figure class=\"wp-block-image size-full is-resized\"><img decoding=\"async\" width=\"957\" height=\"205\" src=\"https:\/\/lettresdepoilus-pays-de-ploermel.fr\/wp-content\/uploads\/2025\/11\/image-3.png\" alt=\"\" class=\"wp-image-18522\" style=\"width:812px;height:auto\" srcset=\"https:\/\/lettresdepoilus-pays-de-ploermel.fr\/wp-content\/uploads\/2025\/11\/image-3.png 957w, https:\/\/lettresdepoilus-pays-de-ploermel.fr\/wp-content\/uploads\/2025\/11\/image-3-300x64.png 300w, https:\/\/lettresdepoilus-pays-de-ploermel.fr\/wp-content\/uploads\/2025\/11\/image-3-768x165.png 768w\" sizes=\"(max-width: 957px) 100vw, 957px\" \/><\/figure>\n\n\n\n<figure class=\"wp-block-image size-full\"><img loading=\"lazy\" decoding=\"async\" width=\"721\" height=\"686\" src=\"https:\/\/lettresdepoilus-pays-de-ploermel.fr\/wp-content\/uploads\/2025\/11\/image-4.png\" alt=\"\" class=\"wp-image-18523\" srcset=\"https:\/\/lettresdepoilus-pays-de-ploermel.fr\/wp-content\/uploads\/2025\/11\/image-4.png 721w, https:\/\/lettresdepoilus-pays-de-ploermel.fr\/wp-content\/uploads\/2025\/11\/image-4-300x285.png 300w\" sizes=\"(max-width: 721px) 100vw, 721px\" \/><\/figure>\n\n\n\n<figure class=\"wp-block-image size-full is-resized\"><img loading=\"lazy\" decoding=\"async\" width=\"744\" height=\"580\" src=\"https:\/\/lettresdepoilus-pays-de-ploermel.fr\/wp-content\/uploads\/2025\/11\/image-5.png\" alt=\"\" class=\"wp-image-18524\" style=\"width:722px;height:auto\" srcset=\"https:\/\/lettresdepoilus-pays-de-ploermel.fr\/wp-content\/uploads\/2025\/11\/image-5.png 744w, https:\/\/lettresdepoilus-pays-de-ploermel.fr\/wp-content\/uploads\/2025\/11\/image-5-300x234.png 300w\" sizes=\"(max-width: 744px) 100vw, 744px\" \/><\/figure>\n\n\n\n<figure class=\"wp-block-image size-full\"><img loading=\"lazy\" decoding=\"async\" width=\"724\" height=\"698\" src=\"https:\/\/lettresdepoilus-pays-de-ploermel.fr\/wp-content\/uploads\/2025\/11\/image-6.png\" alt=\"\" class=\"wp-image-18525\" srcset=\"https:\/\/lettresdepoilus-pays-de-ploermel.fr\/wp-content\/uploads\/2025\/11\/image-6.png 724w, https:\/\/lettresdepoilus-pays-de-ploermel.fr\/wp-content\/uploads\/2025\/11\/image-6-300x289.png 300w\" sizes=\"(max-width: 724px) 100vw, 724px\" \/><\/figure>\n\n\n\n<div style=\"height:20px\" aria-hidden=\"true\" class=\"wp-block-spacer\"><\/div>\n\n\n\n<hr class=\"wp-block-separator has-alpha-channel-opacity\"\/>\n\n\n\n<div style=\"height:20px\" aria-hidden=\"true\" class=\"wp-block-spacer\"><\/div>\n\n\n\n<h2 class=\"wp-block-heading has-text-color has-link-color wp-elements-a473d962576b1ca673b854eb07ef0f91\" id=\"Trinit\u00e9\" style=\"color:#6925ab\">Exposition La TRINIT\u00c9-PORHO\u00cbT juin 2025<\/h2>\n\n\n\n<div style=\"height:20px\" aria-hidden=\"true\" class=\"wp-block-spacer\"><\/div>\n\n\n\n<figure class=\"wp-block-image size-large\"><img loading=\"lazy\" decoding=\"async\" width=\"1024\" height=\"681\" src=\"https:\/\/lettresdepoilus-pays-de-ploermel.fr\/wp-content\/uploads\/2025\/06\/image-4-1024x681.png\" alt=\"\" class=\"wp-image-15122\" srcset=\"https:\/\/lettresdepoilus-pays-de-ploermel.fr\/wp-content\/uploads\/2025\/06\/image-4-1024x681.png 1024w, https:\/\/lettresdepoilus-pays-de-ploermel.fr\/wp-content\/uploads\/2025\/06\/image-4-300x200.png 300w, https:\/\/lettresdepoilus-pays-de-ploermel.fr\/wp-content\/uploads\/2025\/06\/image-4-768x511.png 768w, https:\/\/lettresdepoilus-pays-de-ploermel.fr\/wp-content\/uploads\/2025\/06\/image-4.png 1118w\" sizes=\"(max-width: 1024px) 100vw, 1024px\" \/><figcaption class=\"wp-element-caption\"><em><strong>Ouest-France &#8211; \u00c9dition de Plo\u00ebrmel du 12 juin 2025<\/strong><\/em><\/figcaption><\/figure>\n\n\n\n<div style=\"height:33px\" aria-hidden=\"true\" class=\"wp-block-spacer\"><\/div>\n\n\n\n<figure class=\"wp-block-image size-full is-resized\"><img loading=\"lazy\" decoding=\"async\" width=\"704\" height=\"215\" src=\"https:\/\/lettresdepoilus-pays-de-ploermel.fr\/wp-content\/uploads\/2025\/06\/image-6.png\" alt=\"\" class=\"wp-image-15124\" style=\"width:840px;height:auto\" srcset=\"https:\/\/lettresdepoilus-pays-de-ploermel.fr\/wp-content\/uploads\/2025\/06\/image-6.png 704w, https:\/\/lettresdepoilus-pays-de-ploermel.fr\/wp-content\/uploads\/2025\/06\/image-6-300x92.png 300w\" sizes=\"(max-width: 704px) 100vw, 704px\" \/><\/figure>\n\n\n<div class=\"wp-block-image\">\n<figure class=\"aligncenter size-full\"><img loading=\"lazy\" decoding=\"async\" width=\"806\" height=\"695\" src=\"https:\/\/lettresdepoilus-pays-de-ploermel.fr\/wp-content\/uploads\/2025\/06\/image-7.png\" alt=\"\" class=\"wp-image-15125\" srcset=\"https:\/\/lettresdepoilus-pays-de-ploermel.fr\/wp-content\/uploads\/2025\/06\/image-7.png 806w, https:\/\/lettresdepoilus-pays-de-ploermel.fr\/wp-content\/uploads\/2025\/06\/image-7-300x259.png 300w, https:\/\/lettresdepoilus-pays-de-ploermel.fr\/wp-content\/uploads\/2025\/06\/image-7-768x662.png 768w\" sizes=\"(max-width: 806px) 100vw, 806px\" \/><\/figure>\n<\/div>\n\n\n<figure class=\"wp-block-image size-full is-resized\"><img loading=\"lazy\" decoding=\"async\" width=\"727\" height=\"155\" src=\"https:\/\/lettresdepoilus-pays-de-ploermel.fr\/wp-content\/uploads\/2025\/06\/image-8.png\" alt=\"\" class=\"wp-image-15126\" style=\"width:840px;height:auto\" srcset=\"https:\/\/lettresdepoilus-pays-de-ploermel.fr\/wp-content\/uploads\/2025\/06\/image-8.png 727w, https:\/\/lettresdepoilus-pays-de-ploermel.fr\/wp-content\/uploads\/2025\/06\/image-8-300x64.png 300w\" sizes=\"(max-width: 727px) 100vw, 727px\" \/><\/figure>\n\n\n\n<figure class=\"wp-block-image size-full is-resized\"><img loading=\"lazy\" decoding=\"async\" width=\"715\" height=\"109\" src=\"https:\/\/lettresdepoilus-pays-de-ploermel.fr\/wp-content\/uploads\/2025\/06\/image-9.png\" alt=\"\" class=\"wp-image-15127\" style=\"width:840px;height:auto\" srcset=\"https:\/\/lettresdepoilus-pays-de-ploermel.fr\/wp-content\/uploads\/2025\/06\/image-9.png 715w, https:\/\/lettresdepoilus-pays-de-ploermel.fr\/wp-content\/uploads\/2025\/06\/image-9-300x46.png 300w\" sizes=\"(max-width: 715px) 100vw, 715px\" \/><\/figure>\n\n\n\n<figure class=\"wp-block-image size-full is-resized\"><img loading=\"lazy\" decoding=\"async\" width=\"746\" height=\"635\" src=\"https:\/\/lettresdepoilus-pays-de-ploermel.fr\/wp-content\/uploads\/2025\/06\/image-10.png\" alt=\"\" class=\"wp-image-15128\" style=\"width:840px;height:auto\" srcset=\"https:\/\/lettresdepoilus-pays-de-ploermel.fr\/wp-content\/uploads\/2025\/06\/image-10.png 746w, https:\/\/lettresdepoilus-pays-de-ploermel.fr\/wp-content\/uploads\/2025\/06\/image-10-300x255.png 300w\" sizes=\"(max-width: 746px) 100vw, 746px\" \/><\/figure>\n\n\n\n<div style=\"height:20px\" aria-hidden=\"true\" class=\"wp-block-spacer\"><\/div>\n\n\n\n<hr class=\"wp-block-separator has-alpha-channel-opacity\"\/>\n\n\n\n<div style=\"height:20px\" aria-hidden=\"true\" class=\"wp-block-spacer\"><\/div>\n\n\n\n<h2 class=\"wp-block-heading has-text-color has-link-color wp-elements-e3aa11ccc44a68bbf15cdcbc716bf6e1\" id=\"Mauron\" style=\"color:#6925ab\">Exposition MAURON novembre 2024<\/h2>\n\n\n\n<div style=\"height:20px\" aria-hidden=\"true\" class=\"wp-block-spacer\"><\/div>\n\n\n\n<p class=\"has-medium-font-size\"><strong>Apr\u00e8s la d\u00e9couverte des cartes postales d\u2019un Poilu breton, il propose une exposition<\/strong><\/p>\n\n\n\n<p class=\"has-medium-font-size\">Alain Rogemont pr\u00e9sente de nombreux documents qui t\u00e9moignent de ce que fut la Premi\u00e8re Guerre mondiale dans le pays de Mauron (Morbihan), \u00e0 la m\u00e9diath\u00e8que communautaire, jusqu\u2019au samedi 16&nbsp;novembre 2024.<\/p>\n\n\n\n<p class=\"has-medium-font-size\">Alain Rogemont a recens\u00e9, jusqu\u2019\u00e0 pr\u00e9sent, 1&nbsp;100&nbsp;soldats mobilis\u00e9s dans le pays de Plo\u00ebrmel et tomb\u00e9s au champ d\u2019honneur, lors de la Premi\u00e8re Guerre mondiale.  <\/p>\n\n\n\n<figure class=\"wp-block-image size-large\"><img loading=\"lazy\" decoding=\"async\" width=\"968\" height=\"1024\" src=\"https:\/\/lettresdepoilus-pays-de-ploermel.fr\/wp-content\/uploads\/2024\/11\/Alain081124-1-968x1024.jpg\" alt=\"\" class=\"wp-image-8801\" srcset=\"https:\/\/lettresdepoilus-pays-de-ploermel.fr\/wp-content\/uploads\/2024\/11\/Alain081124-1-968x1024.jpg 968w, https:\/\/lettresdepoilus-pays-de-ploermel.fr\/wp-content\/uploads\/2024\/11\/Alain081124-1-284x300.jpg 284w, https:\/\/lettresdepoilus-pays-de-ploermel.fr\/wp-content\/uploads\/2024\/11\/Alain081124-1-768x813.jpg 768w, https:\/\/lettresdepoilus-pays-de-ploermel.fr\/wp-content\/uploads\/2024\/11\/Alain081124-1-1140x1206.jpg 1140w, https:\/\/lettresdepoilus-pays-de-ploermel.fr\/wp-content\/uploads\/2024\/11\/Alain081124-1.jpg 1173w\" sizes=\"(max-width: 968px) 100vw, 968px\" \/><\/figure>\n\n\n\n<p class=\"has-medium-font-size\">L\u2019exposition compte une soixantaine de documents, indique Alain Rogemont, organisateur d\u2019une exposition en lien avec la m\u00e9diath\u00e8que communautaire de Mauron (Morbihan), intitul\u00e9e&nbsp;<em>Lettres de Poilus du Pays de Mauron.<\/em><\/p>\n\n\n\n<p class=\"has-medium-font-size\">C\u2019est&nbsp;le devoir de m\u00e9moire&nbsp;qui a motiv\u00e9 cet habitant de Ponts-de-C\u00e9 dans le Maine-et-Loire. Son lien avec le pays mauronnais vient de sa belle-s\u0153ur, native de M\u00e9n\u00e9ac, et dont les parents ont v\u00e9cu \u00e0 Saint-Brieuc-de-Mauron. Aussi,&nbsp;par une co\u00efncidence extraordinaire,<a href=\"https:\/\/www.ouest-france.fr\/bretagne\/saint-brieuc-de-mauron-56430\/les-courriers-dun-poilu-legues-a-la-commune-6ac1a08e-f27a-4634-8d84-e81704adf001\" target=\"_blank\" rel=\"noreferrer noopener\">&nbsp;j\u2019ai d\u00e9couvert un lot d\u2019une centaine de cartes postales d\u2019un Poilu de cette commune&nbsp;: Eug\u00e8ne Bonnet<\/a>&nbsp;.<\/p>\n\n\n\n<p class=\"has-medium-font-size\"><strong>Lire aussi&nbsp;:&nbsp;<\/strong><a href=\"https:\/\/www.ouest-france.fr\/bretagne\/saint-brieuc-de-mauron-56430\/la-correspondance-dun-poilu-sur-internet-cd6c04b7-f43d-4ae5-a527-646a24e94eea\" target=\"_blank\" rel=\"noreferrer noopener\">Ils retrouvent les lettres d\u2019un Poilu de la guerre 14-18 dans une valise et les partagent sur le web<\/a><\/p>\n\n\n\n<p class=\"has-medium-font-size\"><strong>Des figurines et des obus expos\u00e9s<\/strong><\/p>\n\n\n\n<p class=\"has-medium-font-size\">Avant de r\u00e9aliser cette exposition, Alain Rogemont, a fait appel aux habitants du secteur afin de collecter les informations li\u00e9es \u00e0 la p\u00e9riode de la Premi\u00e8re Guerre mondiale. Ainsi, les figurines des soldats de cette guerre, pr\u00eat\u00e9es par Daniel Duquenne du Cercle g\u00e9n\u00e9alogique du Centre-Est Bretagne, y sont pr\u00e9sent\u00e9es, mais \u00e9galement des obus sculpt\u00e9s de cette \u00e9poque, issus de la collection personnelle de Jo\u00ebl Lemazurier, maire de Guilliers, passionn\u00e9 par l\u2019histoire, notamment militaire.<\/p>\n\n\n\n<p class=\"has-medium-font-size\">&nbsp;L\u2019id\u00e9e de l\u2019exposition m\u2019est venue assez rapidement apr\u00e8s la cr\u00e9ation de mon site internet&nbsp;(lettresdepoilus-pays-de-ploermel.fr)&nbsp;qui me permet de rassembler tous les documents collect\u00e9s et ceux qui me sont confi\u00e9s par les habitants de la r\u00e9gion, explique cet ancien employ\u00e9 du secteur informatique, \u00e2g\u00e9 de 69&nbsp;ans.<\/p>\n\n\n\n<p class=\"has-medium-font-size\">Gr\u00e2ce aux contacts qu\u2019il a pu nouer avec les contributeurs de ce site, dont Denise Derrien de Saint-Brieuc-de-Mauron, Alain Rogemont a pu solliciter L\u00e6titia Salic, responsable de la m\u00e9diath\u00e8que de Mauron&nbsp;qui a spontan\u00e9ment accept\u00e9 de me pr\u00eater ses locaux pour pr\u00e9senter cette exposition.<\/p>\n\n\n\n<p class=\"has-medium-font-size\"><strong>Son grand-p\u00e8re \u00e9tait lui-m\u00eame Poilu<\/strong><\/p>\n\n\n\n<p class=\"has-medium-font-size\">Pour r\u00e9aliser cette exposition Alain Rogemont s\u2019est appuy\u00e9 sur les documents figurants sur son site internet, qui contient deux types de donn\u00e9es&nbsp;: les registres g\u00e9n\u00e9alogiques et militaires de chaque Poilus et la partie patrimoniale du site.&nbsp;&nbsp;Ce sont les courriers que me confient les habitants du pays de Plo\u00ebrmel.&nbsp;<\/p>\n\n\n\n<p class=\"has-medium-font-size\">Les portraits des soldats, leurs correspondances, les photographies rappellent ce premier conflit meurtrier \u00e0 l\u2019\u00e9chelle mondiale de 1914 \u00e0 1918. L\u2019initiateur de l\u2019exposition a \u00e9t\u00e9 particuli\u00e8rement touch\u00e9 par le destin d\u2019Armand Guillon, n\u00e9 \u00e0 Saint-Brieuc-de-Mauron en 1895. Mobilis\u00e9 \u00e0 20&nbsp;ans, il est parti en Turquie pour combattre l\u2019Empire Ottoman.&nbsp;&nbsp;Sur son acte de d\u00e9c\u00e8s on peut lire&nbsp;: disparu au cours d\u2019un combat, note Alain, qui, lui aussi, compte dans sa famille un Poilu,&nbsp;mon grand-p\u00e8re maternel, il \u00e9tait Corse.<\/p>\n\n\n\n<p class=\"has-medium-font-size\"><strong>Jusqu\u2019au 16&nbsp;novembre 2024,<\/strong>&nbsp;l\u2019exposition<em>&nbsp;Lettres de Poilus du pays de Mauron<\/em>&nbsp;est visible \u00e0 la m\u00e9diath\u00e8que communautaire de Mauron. Site internet&nbsp;:&nbsp;<a href=\"http:\/\/lettresdepoilus-pays-de-ploermel.fr\/\" target=\"_blank\" rel=\"noreferrer noopener\">lettresdepoilus-pays-de-ploermel.fr<\/a><\/p>\n\n\n\n<div style=\"height:20px\" aria-hidden=\"true\" class=\"wp-block-spacer\"><\/div>\n\n\n\n<figure class=\"wp-block-gallery has-nested-images columns-default is-cropped wp-block-gallery-2 is-layout-flex wp-block-gallery-is-layout-flex\">\n<figure class=\"wp-block-image size-large\"><img loading=\"lazy\" decoding=\"async\" width=\"768\" height=\"1024\" data-id=\"8908\" src=\"https:\/\/lettresdepoilus-pays-de-ploermel.fr\/wp-content\/uploads\/2024\/11\/IMG_2410-1-768x1024.jpg\" alt=\"\" class=\"wp-image-8908\" srcset=\"https:\/\/lettresdepoilus-pays-de-ploermel.fr\/wp-content\/uploads\/2024\/11\/IMG_2410-1-768x1024.jpg 768w, https:\/\/lettresdepoilus-pays-de-ploermel.fr\/wp-content\/uploads\/2024\/11\/IMG_2410-1-225x300.jpg 225w, https:\/\/lettresdepoilus-pays-de-ploermel.fr\/wp-content\/uploads\/2024\/11\/IMG_2410-1-1152x1536.jpg 1152w, https:\/\/lettresdepoilus-pays-de-ploermel.fr\/wp-content\/uploads\/2024\/11\/IMG_2410-1-1536x2048.jpg 1536w, https:\/\/lettresdepoilus-pays-de-ploermel.fr\/wp-content\/uploads\/2024\/11\/IMG_2410-1-1140x1520.jpg 1140w, https:\/\/lettresdepoilus-pays-de-ploermel.fr\/wp-content\/uploads\/2024\/11\/IMG_2410-1-scaled.jpg 1920w\" sizes=\"(max-width: 768px) 100vw, 768px\" \/><\/figure>\n\n\n\n<figure class=\"wp-block-image size-large\"><img loading=\"lazy\" decoding=\"async\" width=\"1024\" height=\"497\" data-id=\"8899\" src=\"https:\/\/lettresdepoilus-pays-de-ploermel.fr\/wp-content\/uploads\/2024\/11\/IMG_0180-1024x497.jpg\" alt=\"\" class=\"wp-image-8899\" srcset=\"https:\/\/lettresdepoilus-pays-de-ploermel.fr\/wp-content\/uploads\/2024\/11\/IMG_0180-1024x497.jpg 1024w, https:\/\/lettresdepoilus-pays-de-ploermel.fr\/wp-content\/uploads\/2024\/11\/IMG_0180-300x146.jpg 300w, https:\/\/lettresdepoilus-pays-de-ploermel.fr\/wp-content\/uploads\/2024\/11\/IMG_0180-768x373.jpg 768w, https:\/\/lettresdepoilus-pays-de-ploermel.fr\/wp-content\/uploads\/2024\/11\/IMG_0180.jpg 1102w\" sizes=\"(max-width: 1024px) 100vw, 1024px\" \/><\/figure>\n\n\n\n<figure class=\"wp-block-image size-large\"><img loading=\"lazy\" decoding=\"async\" width=\"2560\" height=\"1920\" data-id=\"8902\" src=\"https:\/\/lettresdepoilus-pays-de-ploermel.fr\/wp-content\/uploads\/2024\/11\/IMG_2413-scaled.jpg\" alt=\"\" class=\"wp-image-8902\" srcset=\"https:\/\/lettresdepoilus-pays-de-ploermel.fr\/wp-content\/uploads\/2024\/11\/IMG_2413-scaled.jpg 2560w, https:\/\/lettresdepoilus-pays-de-ploermel.fr\/wp-content\/uploads\/2024\/11\/IMG_2413-300x225.jpg 300w\" sizes=\"(max-width: 2560px) 100vw, 2560px\" \/><\/figure>\n\n\n\n<figure class=\"wp-block-image size-large\"><img loading=\"lazy\" decoding=\"async\" width=\"1024\" height=\"498\" data-id=\"8984\" src=\"https:\/\/lettresdepoilus-pays-de-ploermel.fr\/wp-content\/uploads\/2024\/11\/Resized_20241112_151407-1024x498.jpg\" alt=\"\" class=\"wp-image-8984\" srcset=\"https:\/\/lettresdepoilus-pays-de-ploermel.fr\/wp-content\/uploads\/2024\/11\/Resized_20241112_151407-1024x498.jpg 1024w, https:\/\/lettresdepoilus-pays-de-ploermel.fr\/wp-content\/uploads\/2024\/11\/Resized_20241112_151407-300x146.jpg 300w, https:\/\/lettresdepoilus-pays-de-ploermel.fr\/wp-content\/uploads\/2024\/11\/Resized_20241112_151407-768x373.jpg 768w, https:\/\/lettresdepoilus-pays-de-ploermel.fr\/wp-content\/uploads\/2024\/11\/Resized_20241112_151407-1536x747.jpg 1536w, https:\/\/lettresdepoilus-pays-de-ploermel.fr\/wp-content\/uploads\/2024\/11\/Resized_20241112_151407-2048x995.jpg 2048w, https:\/\/lettresdepoilus-pays-de-ploermel.fr\/wp-content\/uploads\/2024\/11\/Resized_20241112_151407-1140x554.jpg 1140w\" sizes=\"(max-width: 1024px) 100vw, 1024px\" \/><\/figure>\n\n\n\n<figure class=\"wp-block-image size-large\"><img loading=\"lazy\" decoding=\"async\" width=\"1024\" height=\"498\" data-id=\"8898\" src=\"https:\/\/lettresdepoilus-pays-de-ploermel.fr\/wp-content\/uploads\/2024\/11\/IMG_0182-1024x498.jpg\" alt=\"\" class=\"wp-image-8898\" srcset=\"https:\/\/lettresdepoilus-pays-de-ploermel.fr\/wp-content\/uploads\/2024\/11\/IMG_0182-1024x498.jpg 1024w, https:\/\/lettresdepoilus-pays-de-ploermel.fr\/wp-content\/uploads\/2024\/11\/IMG_0182-300x146.jpg 300w, https:\/\/lettresdepoilus-pays-de-ploermel.fr\/wp-content\/uploads\/2024\/11\/IMG_0182-768x373.jpg 768w, https:\/\/lettresdepoilus-pays-de-ploermel.fr\/wp-content\/uploads\/2024\/11\/IMG_0182-1536x747.jpg 1536w, https:\/\/lettresdepoilus-pays-de-ploermel.fr\/wp-content\/uploads\/2024\/11\/IMG_0182-2048x995.jpg 2048w, https:\/\/lettresdepoilus-pays-de-ploermel.fr\/wp-content\/uploads\/2024\/11\/IMG_0182-1140x554.jpg 1140w\" sizes=\"(max-width: 1024px) 100vw, 1024px\" \/><\/figure>\n<\/figure>\n\n\n\n<hr class=\"wp-block-separator has-alpha-channel-opacity\"\/>\n\n\n\n<!-- Bouton retour en haut avec chevron SVG -->\n<style>\n#backToTop {\n  display: none; \/* cach\u00e9 par d\u00e9faut *\/\n  position: fixed;\n  bottom: 30px;\n  right: 30px;\n  z-index: 99;\n  border: none;\n  outline: none;\n  background-color: #444;\n  cursor: pointer;\n  padding: 12px;\n  border-radius: 50%;\n  transition: 0.3s;\n}\n\n#backToTop:hover {\n  background-color: #222;\n}\n\n#backToTop svg {\n  width: 22px;\n  height: 22px;\n  stroke: white;\n  stroke-width: 2.5;\n  fill: none;\n}\n<\/style>\n\n<button id=\"backToTop\" title=\"Retour en haut\">\n  <svg xmlns=\"http:\/\/www.w3.org\/2000\/svg\" viewBox=\"0 0 24 24\">\n    <polyline points=\"18 15 12 9 6 15\"\/>\n  <\/svg>\n<\/button>\n\n<script>\ndocument.addEventListener(\"DOMContentLoaded\", function() {\n  let btn = document.getElementById(\"backToTop\");\n\n  \/\/ Affiche ou cache le bouton selon le scroll\n  window.addEventListener(\"scroll\", function() {\n    if (document.body.scrollTop > 200 || document.documentElement.scrollTop > 200) {\n      btn.style.display = \"block\";\n    } else {\n      btn.style.display = \"none\";\n    }\n  });\n\n  \/\/ Clique -> retour en haut\n  btn.addEventListener(\"click\", function() {\n    window.scrollTo({ top: 0, behavior: \"smooth\" });\n  });\n});\n<\/script>\n","protected":false},"excerpt":{"rendered":"<p>Le site web et les expositions dans les communes du Pays de Plo\u00ebrmel sont les deux moyens de promotion de mon projet \u00ab\u00a0M\u00e9moire et Patrimoine\u00a0\u00bb. Les expositions ont pour but de faire d\u00e9couvrir aux habitants de ces communes l&rsquo;histoire de leurs Poilus. Le deuxi\u00e8me objectif est de faire conna\u00eetre mon projet et de solliciter les habitants de participer \u00e0 mon projet en me confiant leurs photos, documents et courriers de leurs soldats ayant combattu en 14-18. Exposition GUILLIERS novembre 2025 L&rsquo;exposition de Guilliers s&rsquo;est tenue du 11 au 16 novembre 2025 \u00e0 la salle du Carrou\u00eaz. Cette exposition \u00e9tait organis\u00e9e dans le cadre des comm\u00e9morations de l&rsquo;armistice de 1918. Exposition La TRINIT\u00c9-PORHO\u00cbT juin 2025 Exposition MAURON novembre 2024 Apr\u00e8s la d\u00e9couverte des cartes postales d\u2019un Poilu breton, il propose une exposition Alain Rogemont pr\u00e9sente de nombreux documents qui t\u00e9moignent de ce que fut la Premi\u00e8re Guerre mondiale dans le pays de Mauron (Morbihan), \u00e0 la m\u00e9diath\u00e8que communautaire, jusqu\u2019au samedi 16&nbsp;novembre 2024. Alain Rogemont a recens\u00e9, jusqu\u2019\u00e0 pr\u00e9sent, 1&nbsp;100&nbsp;soldats mobilis\u00e9s dans le pays de Plo\u00ebrmel et tomb\u00e9s au champ d\u2019honneur, lors de la Premi\u00e8re Guerre mondiale. L\u2019exposition compte une soixantaine de documents, indique Alain Rogemont, organisateur d\u2019une exposition en lien avec la m\u00e9diath\u00e8que communautaire de Mauron (Morbihan), intitul\u00e9e&nbsp;Lettres de Poilus du Pays de Mauron. C\u2019est&nbsp;le devoir de m\u00e9moire&nbsp;qui a motiv\u00e9 cet habitant de Ponts-de-C\u00e9 dans le Maine-et-Loire. Son lien avec le pays mauronnais vient de sa belle-s\u0153ur, native de M\u00e9n\u00e9ac, et dont les parents ont v\u00e9cu \u00e0 Saint-Brieuc-de-Mauron. Aussi,&nbsp;par une co\u00efncidence extraordinaire,&nbsp;j\u2019ai d\u00e9couvert un lot d\u2019une centaine de cartes postales d\u2019un Poilu de cette commune&nbsp;: Eug\u00e8ne Bonnet&nbsp;. Lire aussi&nbsp;:&nbsp;Ils retrouvent les lettres d\u2019un Poilu de la guerre 14-18 dans une valise et les partagent sur le web Des figurines et des obus expos\u00e9s Avant de r\u00e9aliser cette exposition, Alain Rogemont, a fait appel aux habitants du secteur afin de collecter les informations li\u00e9es \u00e0 la p\u00e9riode de la Premi\u00e8re Guerre mondiale. Ainsi, les figurines des soldats de cette guerre, pr\u00eat\u00e9es par Daniel Duquenne du Cercle g\u00e9n\u00e9alogique du Centre-Est Bretagne, y sont pr\u00e9sent\u00e9es, mais \u00e9galement des obus sculpt\u00e9s de cette \u00e9poque, issus de la collection personnelle de Jo\u00ebl Lemazurier, maire de Guilliers, passionn\u00e9 par l\u2019histoire, notamment militaire. &nbsp;L\u2019id\u00e9e de l\u2019exposition m\u2019est venue assez rapidement apr\u00e8s la cr\u00e9ation de mon site internet&nbsp;(lettresdepoilus-pays-de-ploermel.fr)&nbsp;qui me permet de rassembler tous les documents collect\u00e9s et ceux qui me sont confi\u00e9s par les habitants de la r\u00e9gion, explique cet ancien employ\u00e9 du secteur informatique, \u00e2g\u00e9 de 69&nbsp;ans. Gr\u00e2ce aux contacts qu\u2019il a pu nouer avec les contributeurs de ce site, dont Denise Derrien de Saint-Brieuc-de-Mauron, Alain Rogemont a pu solliciter L\u00e6titia Salic, responsable de la m\u00e9diath\u00e8que de Mauron&nbsp;qui a spontan\u00e9ment accept\u00e9 de me pr\u00eater ses locaux pour pr\u00e9senter cette exposition. Son grand-p\u00e8re \u00e9tait lui-m\u00eame Poilu Pour r\u00e9aliser cette exposition Alain Rogemont s\u2019est appuy\u00e9 sur les documents figurants sur son site internet, qui contient deux types de donn\u00e9es&nbsp;: les registres g\u00e9n\u00e9alogiques et militaires de chaque Poilus et la partie patrimoniale du site.&nbsp;&nbsp;Ce sont les courriers que me confient les habitants du pays de Plo\u00ebrmel.&nbsp; Les portraits des soldats, leurs correspondances, les photographies rappellent ce premier conflit meurtrier \u00e0 l\u2019\u00e9chelle mondiale de 1914 \u00e0 1918. L\u2019initiateur de l\u2019exposition a \u00e9t\u00e9 particuli\u00e8rement touch\u00e9 par le destin d\u2019Armand Guillon, n\u00e9 \u00e0 Saint-Brieuc-de-Mauron en 1895. Mobilis\u00e9 \u00e0 20&nbsp;ans, il est parti en Turquie pour combattre l\u2019Empire Ottoman.&nbsp;&nbsp;Sur son acte de d\u00e9c\u00e8s on peut lire&nbsp;: disparu au cours d\u2019un combat, note Alain, qui, lui aussi, compte dans sa famille un Poilu,&nbsp;mon grand-p\u00e8re maternel, il \u00e9tait Corse. Jusqu\u2019au 16&nbsp;novembre 2024,&nbsp;l\u2019exposition&nbsp;Lettres de Poilus du pays de Mauron&nbsp;est visible \u00e0 la m\u00e9diath\u00e8que communautaire de Mauron. Site internet&nbsp;:&nbsp;lettresdepoilus-pays-de-ploermel.fr<\/p>\n","protected":false},"author":1,"featured_media":0,"parent":0,"menu_order":0,"comment_status":"closed","ping_status":"closed","template":"","meta":{"iawp_total_views":7,"footnotes":""},"class_list":["post-18542","page","type-page","status-publish","hentry"],"acf":[],"_links":{"self":[{"href":"https:\/\/lettresdepoilus-pays-de-ploermel.fr\/index.php\/wp-json\/wp\/v2\/pages\/18542","targetHints":{"allow":["GET"]}}],"collection":[{"href":"https:\/\/lettresdepoilus-pays-de-ploermel.fr\/index.php\/wp-json\/wp\/v2\/pages"}],"about":[{"href":"https:\/\/lettresdepoilus-pays-de-ploermel.fr\/index.php\/wp-json\/wp\/v2\/types\/page"}],"author":[{"embeddable":true,"href":"https:\/\/lettresdepoilus-pays-de-ploermel.fr\/index.php\/wp-json\/wp\/v2\/users\/1"}],"replies":[{"embeddable":true,"href":"https:\/\/lettresdepoilus-pays-de-ploermel.fr\/index.php\/wp-json\/wp\/v2\/comments?post=18542"}],"version-history":[{"count":18,"href":"https:\/\/lettresdepoilus-pays-de-ploermel.fr\/index.php\/wp-json\/wp\/v2\/pages\/18542\/revisions"}],"predecessor-version":[{"id":19060,"href":"https:\/\/lettresdepoilus-pays-de-ploermel.fr\/index.php\/wp-json\/wp\/v2\/pages\/18542\/revisions\/19060"}],"wp:attachment":[{"href":"https:\/\/lettresdepoilus-pays-de-ploermel.fr\/index.php\/wp-json\/wp\/v2\/media?parent=18542"}],"curies":[{"name":"wp","href":"https:\/\/api.w.org\/{rel}","templated":true}]}}