{"id":14928,"date":"2025-06-05T12:31:49","date_gmt":"2025-06-05T10:31:49","guid":{"rendered":"https:\/\/lettresdepoilus-pays-de-ploermel.fr\/?page_id=14928"},"modified":"2025-09-29T11:58:01","modified_gmt":"2025-09-29T09:58:01","slug":"14928-2","status":"publish","type":"page","link":"https:\/\/lettresdepoilus-pays-de-ploermel.fr\/index.php\/14928-2\/","title":{"rendered":"Eug\u00e8ne PAMBOUC a \u00e9crit&#8230;"},"content":{"rendered":"<div class=\"wp-block-image\">\n<figure class=\"aligncenter size-large is-resized\"><img fetchpriority=\"high\" decoding=\"async\" width=\"768\" height=\"1024\" src=\"https:\/\/lettresdepoilus-pays-de-ploermel.fr\/wp-content\/uploads\/2025\/07\/IMG_0156-768x1024.jpg\" alt=\"\" class=\"wp-image-15932\" style=\"width:474px;height:auto\" srcset=\"https:\/\/lettresdepoilus-pays-de-ploermel.fr\/wp-content\/uploads\/2025\/07\/IMG_0156-768x1024.jpg 768w, https:\/\/lettresdepoilus-pays-de-ploermel.fr\/wp-content\/uploads\/2025\/07\/IMG_0156-225x300.jpg 225w, https:\/\/lettresdepoilus-pays-de-ploermel.fr\/wp-content\/uploads\/2025\/07\/IMG_0156-1152x1536.jpg 1152w, https:\/\/lettresdepoilus-pays-de-ploermel.fr\/wp-content\/uploads\/2025\/07\/IMG_0156-1536x2048.jpg 1536w, https:\/\/lettresdepoilus-pays-de-ploermel.fr\/wp-content\/uploads\/2025\/07\/IMG_0156-1140x1520.jpg 1140w, https:\/\/lettresdepoilus-pays-de-ploermel.fr\/wp-content\/uploads\/2025\/07\/IMG_0156-scaled.jpg 1920w\" sizes=\"(max-width: 768px) 100vw, 768px\" \/><figcaption class=\"wp-element-caption\"><strong>Eug\u00e8ne PAMBOUC  &#8211;  (\u00e0 gauche sur la photo)<\/strong><\/figcaption><\/figure>\n<\/div>\n\n\n<p id=\"block-71a382d3-0efa-42fa-bd21-e37d5cdf5481\">Eug\u00e8ne PAMBOUC n&rsquo;a \u00e9crit qu&rsquo;\u00e0 ses parents durant l&rsquo;ann\u00e9e o\u00f9 il \u00e9tait sur le front. En outre, il \u00e9crivit de nombreux po\u00e8mes que vous pouvez d\u00e9couvrir \u00e0 la fin de cette page. <\/p>\n\n\n\n<p>Eug\u00e8ne Marie PAMBOUC est n\u00e9 le 29 novembre 1889 \u00e0 MAURON et est d\u00e9c\u00e9d\u00e9 le 15 d\u00e9cembre 1915 \u00e0 MASSIGES (Marne). Plusieurs membres de sa famille ont v\u00e9cu \u00e0 Saint-Brieuc-de-Mauron. Il \u00e9tait soldat au 24\u00e8me R\u00e9giment d\u2019infanterie coloniale.<\/p>\n\n\n\n<p class=\"has-black-color has-cyan-bluish-gray-background-color has-text-color has-background has-link-color wp-elements-ceb64dbcffbbe45a78b9219930c5f6ca\">\u2709\ufe0f <strong><em><a href=\"https:\/\/lettresdepoilus-pays-de-ploermel.fr\/index.php\/2024\/06\/15\/d-p-lettre-du-5-mars-1914\/\">Correspondance du 5 mars 1914 \u00e0 ses parrain et marraine<\/a><\/em><\/strong><\/p>\n\n\n\n<p class=\"has-black-color has-cyan-bluish-gray-background-color has-text-color has-background has-link-color wp-elements-350303bf157ef995e4717574b03167b8\" id=\"block-c2d15da2-ccec-4883-984f-29d4e55ae1bf\">\u2709\ufe0f <strong><em><a href=\"https:\/\/lettresdepoilus-pays-de-ploermel.fr\/index.php\/1914\/09\/01\/e-p-1er-septembre-1914\/\">Correspondance du 1er septembre 1914 \u00e0 ses parents<\/a><\/em><\/strong><\/p>\n\n\n\n<p class=\"has-black-color has-cyan-bluish-gray-background-color has-text-color has-background has-link-color wp-elements-701a610a6721e93f5318d3d8e1ee60f2\" id=\"block-2c4f0737-3ef7-4057-95e1-125043ffe600\">\u2709\ufe0f <strong><em><a href=\"https:\/\/lettresdepoilus-pays-de-ploermel.fr\/index.php\/1915\/02\/24\/e-p-24-fevrier-1915\/\">Correspondance du 24 f\u00e9vrier 1915 \u00e0 ses parents<\/a><\/em><\/strong><\/p>\n\n\n\n<p class=\"has-black-color has-cyan-bluish-gray-background-color has-text-color has-background has-link-color wp-elements-f215ca5544ff9623994dc5ba4320fd64\" id=\"block-694c4c40-55fd-45df-a588-c800ab81a4c4\">\u2709\ufe0f <a href=\"https:\/\/lettresdepoilus-pays-de-ploermel.fr\/index.php\/1915\/04\/15\/e-p-15-avril-1915\/\"><strong><em>Correspondance du 15 avril 1915 \u00e0 ses parents<\/em><\/strong><\/a><\/p>\n\n\n\n<p class=\"has-black-color has-cyan-bluish-gray-background-color has-text-color has-background has-link-color wp-elements-73127c5e3a67e343767614785766c273\" id=\"block-458c48e5-556e-4584-8521-362e5df1ebbe\">\u2709\ufe0f <a href=\"https:\/\/lettresdepoilus-pays-de-ploermel.fr\/index.php\/1915\/05\/17\/e-p-17-mai-1915\/\"><strong><em>Correspondance du 17 mai 1915 \u00e0 ses parents<\/em><\/strong><\/a><\/p>\n\n\n\n<p class=\"has-black-color has-cyan-bluish-gray-background-color has-text-color has-background has-link-color wp-elements-6aadce6c69199550bc2cfadbf30a115b\" id=\"block-2e7c8993-558f-407b-a626-35279547323f\">\u2709\ufe0f <a href=\"https:\/\/lettresdepoilus-pays-de-ploermel.fr\/index.php\/1915\/05\/21\/e-p-21-mai-1915\/\"><strong><em>Correspondance du 21 mai 1915 \u00e0 ses parents<\/em><\/strong><\/a><\/p>\n\n\n\n<p class=\"has-black-color has-cyan-bluish-gray-background-color has-text-color has-background has-link-color wp-elements-5287d263e539b0c04080fa3f63869fb8\" id=\"block-d8c97b68-5717-4d39-9458-420b654b37f9\">\u2709\ufe0f <strong><em><a href=\"https:\/\/lettresdepoilus-pays-de-ploermel.fr\/index.php\/1915\/06\/02\/e-p-2-juin-1915\/\">Correspondance du 2 juin 1915 \u00e0 ses parents<\/a><\/em><\/strong><\/p>\n\n\n\n<p class=\"has-black-color has-cyan-bluish-gray-background-color has-text-color has-background has-link-color wp-elements-6dd0a6b0878a64d158833dba0c8f9603\" id=\"block-471b8065-cd92-432f-9b93-11e3ee62c1af\">\u2709\ufe0f <strong><em><a href=\"https:\/\/lettresdepoilus-pays-de-ploermel.fr\/index.php\/1915\/06\/14\/e-p-14-juin-1915\/\">Correspondance du 14 juin 1915 \u00e0 ses parents<\/a><\/em><\/strong><\/p>\n\n\n\n<p class=\"has-black-color has-cyan-bluish-gray-background-color has-text-color has-background has-link-color wp-elements-4e88c015b8bac01efe011ee4d91d8824\" id=\"block-048f46c7-df4e-4db8-b2a3-0f2a8743d3cd\">\u2709\ufe0f <strong><em><a href=\"https:\/\/lettresdepoilus-pays-de-ploermel.fr\/index.php\/1915\/06\/18\/e-p-18-juin-1915\/\">Correspondance du 18 juin 1915 \u00e0 ses parents<\/a><\/em><\/strong><\/p>\n\n\n\n<p class=\"has-black-color has-cyan-bluish-gray-background-color has-text-color has-background has-link-color wp-elements-f3e155f875a4ecefe494de92c817ba51\" id=\"block-eb8b72b6-e272-4aa1-8ada-3eeb0b273569\">\u2709\ufe0f <strong><em><a href=\"https:\/\/lettresdepoilus-pays-de-ploermel.fr\/index.php\/1915\/07\/10\/e-p-10-juillet-1915\/\">Correspondance du 10 juillet 1915 \u00e0 ses parents<\/a><\/em><\/strong><\/p>\n\n\n\n<p class=\"has-black-color has-cyan-bluish-gray-background-color has-text-color has-background has-link-color wp-elements-ceb892af84c157ff5584471141ea71a3\" id=\"block-2fd1e617-37f4-4819-82bc-b46c95ce9ff4\">\u2709\ufe0f <strong><em><a href=\"https:\/\/lettresdepoilus-pays-de-ploermel.fr\/index.php\/1915\/07\/18\/e-p-18-juillet-1915\/\">Correspondance du 18 juillet 1915 \u00e0 ses parents<\/a><\/em><\/strong><\/p>\n\n\n\n<p class=\"has-black-color has-cyan-bluish-gray-background-color has-text-color has-background has-link-color wp-elements-bf7086f74853b01a063b00a4720e916a\" id=\"block-4a3dba3e-3571-4521-8810-40543ee54715\">\u2709\ufe0f <strong><em><a href=\"https:\/\/lettresdepoilus-pays-de-ploermel.fr\/index.php\/1915\/07\/18\/e-p-18-juillet-1915\/\">Correspondance du 20 juillet 1915 \u00e0 ses parents<\/a><\/em><\/strong><\/p>\n\n\n\n<p class=\"has-black-color has-cyan-bluish-gray-background-color has-text-color has-background has-link-color wp-elements-f3e8112abdc7891766e73c628375a7b7\" id=\"block-4d513568-ad34-4515-bfc1-26d9fd285877\">\u2709\ufe0f <strong><em><a href=\"https:\/\/lettresdepoilus-pays-de-ploermel.fr\/index.php\/1915\/07\/28\/e-p-28-juillet-1915\/\">Correspondance du 28 juillet 1915 \u00e0 ses parents<\/a><\/em><\/strong><\/p>\n\n\n\n<p class=\"has-black-color has-cyan-bluish-gray-background-color has-text-color has-background has-link-color wp-elements-567488aacd1dd6bda8e8c6bd3216465e\" id=\"block-4d143f7d-6f3f-4db3-8df9-0ffbfe4efcf6\">\u2709\ufe0f <strong><em><a href=\"https:\/\/lettresdepoilus-pays-de-ploermel.fr\/index.php\/1915\/08\/20\/e-p-20-aout-1915\/\">Correspondance du 20 ao\u00fbt 1915 \u00e0 ses parents<\/a><\/em><\/strong><\/p>\n\n\n\n<p class=\"has-black-color has-cyan-bluish-gray-background-color has-text-color has-background has-link-color wp-elements-d6d4ab2ae1a8fc404b17e75efbdc5ff5\" id=\"block-85a4aef6-01d4-42dd-8c0a-08ea4afaf254\">\u2709\ufe0f <strong><em><a href=\"https:\/\/lettresdepoilus-pays-de-ploermel.fr\/index.php\/1915\/10\/06\/e-p-6-octobre-1915\/\">Correspondance du 6 octobre 1915 \u00e0 ses parents<\/a><\/em><\/strong><\/p>\n\n\n\n<p class=\"has-black-color has-cyan-bluish-gray-background-color has-text-color has-background has-link-color wp-elements-d595261a47ba67dff17fa034de6c8cb6\" id=\"block-185e222e-0660-41b1-9924-2858bba57c55\">\u2709\ufe0f <strong><em><a href=\"https:\/\/lettresdepoilus-pays-de-ploermel.fr\/index.php\/1915\/11\/27\/e-p-27-novembre-1915\/\">Correspondance du 27 novembre 1915 \u00e0 ses parents<\/a><\/em><\/strong><\/p>\n\n\n\n<p class=\"has-black-color has-cyan-bluish-gray-background-color has-text-color has-background has-link-color wp-elements-cb197429f8ae856b2424cf95f8c92e0f\" id=\"block-9a349ab9-fe59-46fd-bf79-91467c71a33e\">\u2709\ufe0f <strong><em><a href=\"https:\/\/lettresdepoilus-pays-de-ploermel.fr\/index.php\/1915\/12\/08\/e-p-8-decembre-1915\/\">Correspondance du 8 d\u00e9cembre 1915 \u00e0 ses parents<\/a><\/em><\/strong><\/p>\n\n\n\n<p class=\"has-white-color has-vivid-purple-background-color has-text-color has-background has-link-color wp-elements-84134a2a9e4ae0ee8a08a3ee9a5a3315\">\u2709\ufe0f <strong><em><a href=\"https:\/\/lettresdepoilus-pays-de-ploermel.fr\/index.php\/2024\/03\/28\/ses-poemes\/\" target=\"_blank\" rel=\"noreferrer noopener\">Ses po\u00e8mes<\/a><\/em><\/strong><\/p>\n\n\n\n<!-- Bouton retour en haut avec chevron SVG -->\r\n<style>\r\n#backToTop {\r\n  display: none; \/* cach\u00e9 par d\u00e9faut *\/\r\n  position: fixed;\r\n  bottom: 30px;\r\n  right: 30px;\r\n  z-index: 99;\r\n  border: none;\r\n  outline: none;\r\n  background-color: #444;\r\n  cursor: pointer;\r\n  padding: 12px;\r\n  border-radius: 50%;\r\n  transition: 0.3s;\r\n}\r\n\r\n#backToTop:hover {\r\n  background-color: #222;\r\n}\r\n\r\n#backToTop svg {\r\n  width: 22px;\r\n  height: 22px;\r\n  stroke: white;\r\n  stroke-width: 2.5;\r\n  fill: none;\r\n}\r\n<\/style>\r\n\r\n<button id=\"backToTop\" title=\"Retour en haut\">\r\n  <svg xmlns=\"http:\/\/www.w3.org\/2000\/svg\" viewBox=\"0 0 24 24\">\r\n    <polyline points=\"18 15 12 9 6 15\"\/>\r\n  <\/svg>\r\n<\/button>\r\n\r\n<script>\r\ndocument.addEventListener(\"DOMContentLoaded\", function() {\r\n  let btn = document.getElementById(\"backToTop\");\r\n\r\n  \/\/ Affiche ou cache le bouton selon le scroll\r\n  window.addEventListener(\"scroll\", function() {\r\n    if (document.body.scrollTop > 200 || document.documentElement.scrollTop > 200) {\r\n      btn.style.display = \"block\";\r\n    } else {\r\n      btn.style.display = \"none\";\r\n    }\r\n  });\r\n\r\n  \/\/ Clique -> retour en haut\r\n  btn.addEventListener(\"click\", function() {\r\n    window.scrollTo({ top: 0, behavior: \"smooth\" });\r\n  });\r\n});\r\n<\/script>\n","protected":false},"excerpt":{"rendered":"<p>Eug\u00e8ne PAMBOUC n&rsquo;a \u00e9crit qu&rsquo;\u00e0 ses parents durant l&rsquo;ann\u00e9e o\u00f9 il \u00e9tait sur le front. En outre, il \u00e9crivit de nombreux po\u00e8mes que vous pouvez d\u00e9couvrir \u00e0 la fin de cette page. Eug\u00e8ne Marie PAMBOUC est n\u00e9 le 29 novembre 1889 \u00e0 MAURON et est d\u00e9c\u00e9d\u00e9 le 15 d\u00e9cembre 1915 \u00e0 MASSIGES (Marne). Plusieurs membres de sa famille ont v\u00e9cu \u00e0 Saint-Brieuc-de-Mauron. Il \u00e9tait soldat au 24\u00e8me R\u00e9giment d\u2019infanterie coloniale. \u2709\ufe0f Correspondance du 5 mars 1914 \u00e0 ses parrain et marraine \u2709\ufe0f Correspondance du 1er septembre 1914 \u00e0 ses parents \u2709\ufe0f Correspondance du 24 f\u00e9vrier 1915 \u00e0 ses parents \u2709\ufe0f Correspondance du 15 avril 1915 \u00e0 ses parents \u2709\ufe0f Correspondance du 17 mai 1915 \u00e0 ses parents \u2709\ufe0f Correspondance du 21 mai 1915 \u00e0 ses parents \u2709\ufe0f Correspondance du 2 juin 1915 \u00e0 ses parents \u2709\ufe0f Correspondance du 14 juin 1915 \u00e0 ses parents \u2709\ufe0f Correspondance du 18 juin 1915 \u00e0 ses parents \u2709\ufe0f Correspondance du 10 juillet 1915 \u00e0 ses parents \u2709\ufe0f Correspondance du 18 juillet 1915 \u00e0 ses parents \u2709\ufe0f Correspondance du 20 juillet 1915 \u00e0 ses parents \u2709\ufe0f Correspondance du 28 juillet 1915 \u00e0 ses parents \u2709\ufe0f Correspondance du 20 ao\u00fbt 1915 \u00e0 ses parents \u2709\ufe0f Correspondance du 6 octobre 1915 \u00e0 ses parents \u2709\ufe0f Correspondance du 27 novembre 1915 \u00e0 ses parents \u2709\ufe0f Correspondance du 8 d\u00e9cembre 1915 \u00e0 ses parents \u2709\ufe0f Ses po\u00e8mes<\/p>\n","protected":false},"author":1,"featured_media":0,"parent":0,"menu_order":0,"comment_status":"closed","ping_status":"closed","template":"","meta":{"iawp_total_views":31,"footnotes":""},"class_list":["post-14928","page","type-page","status-publish","hentry"],"acf":[],"_links":{"self":[{"href":"https:\/\/lettresdepoilus-pays-de-ploermel.fr\/index.php\/wp-json\/wp\/v2\/pages\/14928","targetHints":{"allow":["GET"]}}],"collection":[{"href":"https:\/\/lettresdepoilus-pays-de-ploermel.fr\/index.php\/wp-json\/wp\/v2\/pages"}],"about":[{"href":"https:\/\/lettresdepoilus-pays-de-ploermel.fr\/index.php\/wp-json\/wp\/v2\/types\/page"}],"author":[{"embeddable":true,"href":"https:\/\/lettresdepoilus-pays-de-ploermel.fr\/index.php\/wp-json\/wp\/v2\/users\/1"}],"replies":[{"embeddable":true,"href":"https:\/\/lettresdepoilus-pays-de-ploermel.fr\/index.php\/wp-json\/wp\/v2\/comments?post=14928"}],"version-history":[{"count":20,"href":"https:\/\/lettresdepoilus-pays-de-ploermel.fr\/index.php\/wp-json\/wp\/v2\/pages\/14928\/revisions"}],"predecessor-version":[{"id":17667,"href":"https:\/\/lettresdepoilus-pays-de-ploermel.fr\/index.php\/wp-json\/wp\/v2\/pages\/14928\/revisions\/17667"}],"wp:attachment":[{"href":"https:\/\/lettresdepoilus-pays-de-ploermel.fr\/index.php\/wp-json\/wp\/v2\/media?parent=14928"}],"curies":[{"name":"wp","href":"https:\/\/api.w.org\/{rel}","templated":true}]}}